{"id":15613,"date":"2024-07-03T07:28:37","date_gmt":"2024-07-03T05:28:37","guid":{"rendered":"https:\/\/www.manubens.es\/sostenibilitat\/"},"modified":"2024-07-03T10:18:20","modified_gmt":"2024-07-03T08:18:20","slug":"sostenibilitat","status":"publish","type":"page","link":"https:\/\/www.manubens.es\/ca\/sostenibilitat\/","title":{"rendered":"Sostenibilitat"},"content":{"rendered":"<section class=\"l-section wpb_row hide_on_tablets hide_on_mobiles height_large with_img\"><div class=\"l-section-img\" role=\"img\" aria-label=\"Imatge\" data-img-width=\"1920\" data-img-height=\"1150\" style=\"background-image: url(https:\/\/www.manubens.es\/wp-content\/uploads\/2024\/07\/slider-sostenibilitat-5.jpg);background-position: bottom center;background-repeat: no-repeat;\"><\/div><div class=\"l-section-h i-cf\"><div class=\"g-cols vc_row via_grid cols_1 laptops-cols_inherit tablets-cols_inherit mobiles-cols_1 valign_bottom type_default stacking_default\"><div class=\"wpb_column vc_column_container\"><div class=\"vc_column-inner\"><div class=\"w-separator size_custom\" style=\"height:70vh\"><\/div><div class=\"g-cols wpb_row via_grid cols_1-4-1 laptops-cols_inherit tablets-cols_inherit mobiles-cols_1 valign_top type_default stacking_default\" style=\"--columns-gap:3rem;\"><div class=\"wpb_column vc_column_container\"><div class=\"vc_column-inner\"><\/div><\/div><div class=\"wpb_column vc_column_container\"><div class=\"vc_column-inner\"><h2 class=\"w-text us_custom_eb849559\"><span class=\"w-text-h\"><span class=\"w-text-value\">Manubens contribueix a un futur m\u00e9s verd i sostenible<\/span><\/span><\/h2><div class=\"wpb_text_column\"><div class=\"wpb_wrapper\"><p style=\"text-align: center;\">A Manubens creiem fermament en la import\u00e0ncia de protegir el nostre planeta per a les generacions futures. Com a fabricant de cintes teixides hem assumit el comprom\u00eds de sostenibilitat com a part integral de la nostra operativa di\u00e0ria i de la nostra estrat\u00e8gia a llarg termini.<\/p>\n<p style=\"text-align: center;\">Ens esforcem constantment per minimitzar l\u2019impacte ambiental de les nostres activitats, contribuint a un futur m\u00e9s verd i sostenible.<\/p>\n<\/div><\/div><\/div><\/div><div class=\"wpb_column vc_column_container\"><div class=\"vc_column-inner\"><\/div><\/div><\/div><\/div><\/div><\/div><\/div><\/section><section class=\"l-section wpb_row hide_on_default hide_on_laptops height_auto width_full\"><div class=\"l-section-h i-cf\"><div class=\"g-cols vc_row via_grid cols_1 laptops-cols_inherit tablets-cols_inherit mobiles-cols_1 valign_bottom type_default stacking_default\"><div class=\"wpb_column vc_column_container\"><div class=\"vc_column-inner\"><div class=\"w-separator size_custom\" style=\"height:60px\"><\/div><div class=\"w-image has_ratio align_none\"><div class=\"w-image-h\"><div style=\"padding-bottom:56.25%\"><\/div><img decoding=\"async\" width=\"1920\" height=\"1400\" src=\"https:\/\/www.manubens.es\/wp-content\/uploads\/2024\/07\/slider-sostenibilitat-3.jpg\" class=\"attachment-full size-full\" alt=\"\" loading=\"lazy\" \/><\/div><\/div><\/div><\/div><\/div><\/div><\/section><section class=\"l-section wpb_row us_custom_0d15be52 hide_on_default hide_on_laptops height_large\"><div class=\"l-section-h i-cf\"><div class=\"g-cols vc_row via_grid cols_1 laptops-cols_inherit tablets-cols_inherit mobiles-cols_1 valign_bottom type_default stacking_default\"><div class=\"wpb_column vc_column_container\"><div class=\"vc_column-inner\"><div class=\"g-cols wpb_row via_grid cols_1-4-1 laptops-cols_inherit tablets-cols_inherit mobiles-cols_1 valign_top type_default stacking_default\" style=\"--columns-gap:3rem;\"><div class=\"wpb_column vc_column_container\"><div class=\"vc_column-inner\"><\/div><\/div><div class=\"wpb_column vc_column_container\"><div class=\"vc_column-inner\"><h2 class=\"w-text us_custom_eb849559\"><span class=\"w-text-h\"><span class=\"w-text-value\">Manubens contribueix a un futur m\u00e9s verd i sostenible<\/span><\/span><\/h2><div class=\"wpb_text_column\"><div class=\"wpb_wrapper\"><p style=\"text-align: center;\">A Manubens creiem fermament en la import\u00e0ncia de protegir el nostre planeta per a les generacions futures. Com a fabricant de cintes teixides hem assumit el comprom\u00eds de sostenibilitat com a part integral de la nostra operativa di\u00e0ria i de la nostra estrat\u00e8gia a llarg termini.<\/p>\n<p style=\"text-align: center;\">Ens esforcem constantment per minimitzar l\u2019impacte ambiental de les nostres activitats, contribuint a un futur m\u00e9s verd i sostenible.<\/p>\n<\/div><\/div><\/div><\/div><div class=\"wpb_column vc_column_container\"><div class=\"vc_column-inner\"><\/div><\/div><\/div><\/div><\/div><\/div><\/div><\/section><section class=\"l-section wpb_row hide_on_tablets hide_on_mobiles height_large with_img\"><div class=\"l-section-img\" role=\"img\" aria-label=\"Imatge\" data-img-width=\"1920\" data-img-height=\"1252\" style=\"background-image: url(https:\/\/www.manubens.es\/wp-content\/uploads\/2022\/11\/empresa_eco2.jpg);background-position: top center;background-repeat: no-repeat;\"><\/div><div class=\"l-section-h i-cf\"><div class=\"g-cols vc_row via_grid cols_1 laptops-cols_inherit tablets-cols_inherit mobiles-cols_1 valign_top type_default stacking_default\"><div class=\"wpb_column vc_column_container us_custom_df91100c\"><div class=\"vc_column-inner\"><div class=\"g-cols wpb_row via_grid cols_1-4-1 laptops-cols_inherit tablets-cols_inherit mobiles-cols_1 valign_top type_default stacking_default\" style=\"--columns-gap:3rem;\"><div class=\"wpb_column vc_column_container\"><div class=\"vc_column-inner\"><\/div><\/div><div class=\"wpb_column vc_column_container\"><div class=\"vc_column-inner\"><h2 class=\"w-text us_custom_8fac178d has_text_color\"><span class=\"w-text-h\"><span class=\"w-text-value\">Efici\u00e8ncia energ\u00e8tica i reducci\u00f3 de residus<\/span><\/span><\/h2><div class=\"wpb_text_column\"><div class=\"wpb_wrapper\"><p style=\"text-align: center;\">En el proc\u00e9s de fabricaci\u00f3 de les nostres cintes, el 75% de l\u2019energia el\u00e8ctrica prov\u00e9 de fonts renovables. Disposem d\u2019una <strong>planta fotovoltaica<\/strong> d\u2019una pot\u00e8ncia total de m\u00e9s de 250 kWp.<\/p>\n<\/div><\/div><\/div><\/div><div class=\"wpb_column vc_column_container\"><div class=\"vc_column-inner\"><\/div><\/div><\/div><div class=\"w-separator size_custom\" style=\"height:90vh\"><\/div><\/div><\/div><\/div><\/div><\/section><section class=\"l-section wpb_row hide_on_default hide_on_laptops height_large\"><div class=\"l-section-h i-cf\"><div class=\"g-cols vc_row via_grid cols_1 laptops-cols_inherit tablets-cols_inherit mobiles-cols_1 valign_top type_default stacking_default\"><div class=\"wpb_column vc_column_container us_custom_df91100c\"><div class=\"vc_column-inner\"><div class=\"g-cols wpb_row via_grid cols_1-4-1 laptops-cols_inherit tablets-cols_inherit mobiles-cols_1 valign_top type_default stacking_default\" style=\"--columns-gap:3rem;\"><div class=\"wpb_column vc_column_container\"><div class=\"vc_column-inner\"><\/div><\/div><div class=\"wpb_column vc_column_container\"><div class=\"vc_column-inner\"><h2 class=\"w-text us_custom_eb849559\"><span class=\"w-text-h\"><span class=\"w-text-value\">Efici\u00e8ncia energ\u00e8tica i reducci\u00f3 de residus<\/span><\/span><\/h2><div class=\"wpb_text_column\"><div class=\"wpb_wrapper\"><p style=\"text-align: center;\">En el proc\u00e9s de fabricaci\u00f3 de les nostres cintes, el 75% de l\u2019energia el\u00e8ctrica prov\u00e9 de fonts renovables. Disposem d\u2019una <strong>planta fotovoltaica<\/strong> d\u2019una pot\u00e8ncia total de m\u00e9s de 250 kWp.<\/p>\n<\/div><\/div><\/div><\/div><div class=\"wpb_column vc_column_container\"><div class=\"vc_column-inner\"><\/div><\/div><\/div><\/div><\/div><\/div><\/div><\/section><section class=\"l-section wpb_row hide_on_default hide_on_laptops height_large width_full with_img\"><div class=\"l-section-img\" role=\"img\" aria-label=\"Imatge\" data-img-width=\"1920\" data-img-height=\"1252\" style=\"background-image: url(https:\/\/www.manubens.es\/wp-content\/uploads\/2022\/11\/empresa_eco2.jpg);background-repeat: no-repeat;\"><\/div><div class=\"l-section-h i-cf\"><div class=\"g-cols vc_row via_grid cols_1 laptops-cols_inherit tablets-cols_inherit mobiles-cols_1 valign_top type_default stacking_default\"><div class=\"wpb_column vc_column_container\"><div class=\"vc_column-inner\"><div class=\"w-separator size_custom\" style=\"height:40vh\" id=\"haea\"><style><\/style><\/div><\/div><\/div><\/div><\/div><\/section><section class=\"l-section wpb_row us_custom_5808e289 height_large\"><div class=\"l-section-h i-cf\"><div class=\"g-cols vc_row via_grid cols_1 laptops-cols_inherit tablets-cols_inherit mobiles-cols_1 valign_top type_default stacking_default\"><div class=\"wpb_column vc_column_container\"><div class=\"vc_column-inner\"><h2 class=\"w-text us_custom_eb849559\"><span class=\"w-text-h\"><span class=\"w-text-value\">Formem part d\u2019una Comunitat Energ\u00e8tica Verda<\/span><\/span><\/h2><div class=\"w-separator size_medium\"><\/div><div class=\"g-cols wpb_row via_grid cols_3 laptops-cols_inherit tablets-cols_inherit mobiles-cols_1 valign_top type_default stacking_default\" style=\"--columns-gap:3rem;\"><div class=\"wpb_column vc_column_container\"><div class=\"vc_column-inner\"><div class=\"w-image us_custom_65dee96e align_none\"><div class=\"w-image-h\"><img decoding=\"async\" width=\"288\" height=\"75\" src=\"https:\/\/www.manubens.es\/wp-content\/uploads\/2024\/07\/logo-manresa-ilumina.png\" class=\"attachment-full size-full\" alt=\"\" loading=\"lazy\" srcset=\"https:\/\/www.manubens.es\/wp-content\/uploads\/2024\/07\/logo-manresa-ilumina.png 288w, https:\/\/www.manubens.es\/wp-content\/uploads\/2024\/07\/logo-manresa-ilumina-150x39.png 150w, https:\/\/www.manubens.es\/wp-content\/uploads\/2024\/07\/logo-manresa-ilumina-200x52.png 200w, https:\/\/www.manubens.es\/wp-content\/uploads\/2024\/07\/logo-manresa-ilumina-115x30.png 115w, https:\/\/www.manubens.es\/wp-content\/uploads\/2024\/07\/logo-manresa-ilumina-250x65.png 250w\" sizes=\"auto, (max-width: 288px) 100vw, 288px\" \/><\/div><\/div><\/div><\/div><div class=\"wpb_column vc_column_container\"><div class=\"vc_column-inner\"><div class=\"wpb_text_column\"><div class=\"wpb_wrapper\"><p>Som membres i soci fundador de la Comunitat Empresarial Energ\u00e8tica Manresa Il\u00b7lumina, una cooperativa pionera a l\u2019Estat per a generar i compartir energia verda.<\/p>\n<\/div><\/div><\/div><\/div><div class=\"wpb_column vc_column_container\"><div class=\"vc_column-inner\"><div class=\"wpb_text_column\"><div class=\"wpb_wrapper\"><p>La Comunitat tamb\u00e9 treballa en altres serveis com la mobilitat sostenible, la mobilitat compartida, l\u2019energia e\u00f2lica o la xarxa de calor amb biomassa.<\/p>\n<\/div><\/div><\/div><\/div><\/div><\/div><\/div><\/div><\/div><\/section><section class=\"l-section wpb_row height_auto width_full\"><div class=\"l-section-h i-cf\"><div class=\"g-cols vc_row via_grid cols_3 laptops-cols_inherit tablets-cols_inherit mobiles-cols_1 valign_middle type_boxes stacking_default\"><div class=\"wpb_column vc_column_container us_custom_a9b333ec has_bg_color\"><div class=\"vc_column-inner\"><h2 class=\"w-text\"><span class=\"w-text-h\"><span class=\"w-text-value\">Fem \u00fas responsable de l\u2019aigua<\/span><\/span><\/h2><div class=\"w-separator size_medium\"><\/div><div class=\"wpb_text_column\"><div class=\"wpb_wrapper\"><p>A m\u00e9s de l\u2019energia, l\u2019aigua tamb\u00e9 ocupa un lloc destacat en el nostre proc\u00e9s de fabricaci\u00f3.<\/p>\n<p>\u00c9s per aquest motiu que comptem amb una depuradora on tractem, un cop concl\u00f2s el proc\u00e9s de tintura, tota l\u2019aigua que utilitzem. Amb aix\u00f2 aconseguim tornar a la xarxa m\u00e9s d\u2019un 80% de l\u2019aigua, minimitzant aix\u00ed l\u2019impacte per al medi ambient.<\/p>\n<\/div><\/div><\/div><\/div><div class=\"wpb_column vc_column_container us_custom_b4cabce1 has_bg_color\"><div class=\"vc_column-inner\"><div class=\"w-separator size_custom\" style=\"height:60vh\"><\/div><\/div><\/div><div class=\"wpb_column vc_column_container us_custom_2d618290 has_bg_color\"><div class=\"vc_column-inner\"><div class=\"w-separator size_custom\" style=\"height:60vh\"><\/div><\/div><\/div><\/div><\/div><\/section><section class=\"l-section wpb_row us_custom_3570bfe8 height_large\"><div class=\"l-section-h i-cf\"><div class=\"g-cols vc_row via_grid cols_1 laptops-cols_inherit tablets-cols_inherit mobiles-cols_1 valign_top type_default stacking_default\"><div class=\"wpb_column vc_column_container\"><div class=\"vc_column-inner\"><div class=\"g-cols wpb_row via_grid cols_1-2-1 laptops-cols_inherit tablets-cols_inherit mobiles-cols_1 valign_top type_default stacking_default\" style=\"--columns-gap:3rem;\"><div class=\"wpb_column vc_column_container\"><div class=\"vc_column-inner\"><\/div><\/div><div class=\"wpb_column vc_column_container\"><div class=\"vc_column-inner\"><h2 class=\"w-text us_custom_eb849559\"><span class=\"w-text-h\"><span class=\"w-text-value\">Emprenem moltes accions per reduir residus<\/span><\/span><\/h2><div class=\"w-separator size_medium\"><\/div><div class=\"wpb_text_column\"><div class=\"wpb_wrapper\"><p>Diverses accions de l\u2019empresa van enfocades a la reducci\u00f3 de residus:<\/p>\n<ul>\n<li>Seguiment continu d\u2019<strong>indicadors ambientals<\/strong>.<\/li>\n<li>Control exhaustiu d\u2019estocs per <strong>evitar el malbaratament<\/strong> de productes.<\/li>\n<li>Participaci\u00f3 en el projecte de simbiosi industrial sobre <strong>economia circular<\/strong>.<\/li>\n<li><strong>Donacions<\/strong> a terceres entitats de g\u00e8nere no apte pel mercat.<\/li>\n<\/ul>\n<\/div><\/div><\/div><\/div><div class=\"wpb_column vc_column_container\"><div class=\"vc_column-inner\"><\/div><\/div><\/div><\/div><\/div><\/div><\/div><\/section><section class=\"l-section wpb_row height_large\"><div class=\"l-section-h i-cf\"><div class=\"g-cols vc_row via_grid cols_1 laptops-cols_inherit tablets-cols_inherit mobiles-cols_1 valign_top type_default stacking_default\"><div class=\"wpb_column vc_column_container\"><div class=\"vc_column-inner\"><h2 class=\"w-text us_custom_eb849559\"><span class=\"w-text-h\"><span class=\"w-text-value\">Materials ecol\u00f2gics i reciclats<\/span><\/span><\/h2><div class=\"w-separator size_medium\"><\/div><div class=\"g-cols wpb_row via_grid cols_3 laptops-cols_inherit tablets-cols_inherit mobiles-cols_1 valign_top type_default stacking_default\" style=\"--columns-gap:3rem;\"><div class=\"wpb_column vc_column_container\"><div class=\"vc_column-inner\"><div class=\"w-image us_custom_65dee96e align_right\"><div class=\"w-image-h\"><img decoding=\"async\" width=\"200\" height=\"95\" src=\"https:\/\/www.manubens.es\/wp-content\/uploads\/2024\/07\/logo-better-cotton-200x95.jpg\" class=\"attachment-us_200_200 size-us_200_200\" alt=\"\" loading=\"lazy\" srcset=\"https:\/\/www.manubens.es\/wp-content\/uploads\/2024\/07\/logo-better-cotton-200x95.jpg 200w, https:\/\/www.manubens.es\/wp-content\/uploads\/2024\/07\/logo-better-cotton-150x71.jpg 150w, https:\/\/www.manubens.es\/wp-content\/uploads\/2024\/07\/logo-better-cotton-115x55.jpg 115w, https:\/\/www.manubens.es\/wp-content\/uploads\/2024\/07\/logo-better-cotton-250x119.jpg 250w, https:\/\/www.manubens.es\/wp-content\/uploads\/2024\/07\/logo-better-cotton.jpg 280w\" sizes=\"auto, (max-width: 200px) 100vw, 200px\" \/><\/div><\/div><\/div><\/div><div class=\"wpb_column vc_column_container\"><div class=\"vc_column-inner\"><div class=\"wpb_text_column\"><div class=\"wpb_wrapper\"><p>La sostenibilitat \u00e9s una prioritat fonamental, i per aix\u00f2 ens enorgulleix comptar amb la certificaci\u00f3 BCI (Better Cotton Initiative) per a les nostres cintes de cot\u00f3.<br \/>\nAquesta certificaci\u00f3 assegura que el cot\u00f3 utilitzat en els nostres productes es conrea seguint pr\u00e0ctiques agr\u00edcoles sostenibles, que redueixen l\u2019\u00fas d\u2019aigua i productes qu\u00edmics, alhora que promouen condicions de treball justes per als agricultors.<\/p>\n<\/div><\/div><\/div><\/div><div class=\"wpb_column vc_column_container\"><div class=\"vc_column-inner\"><div class=\"wpb_text_column\"><div class=\"wpb_wrapper\"><p>La BCI reflecteix el nostre comprom\u00eds amb la preservaci\u00f3 del medi ambient i el suport a les comunitats agr\u00edcoles, oferint als nostres clients una garantia de sostenibilitat i responsabilitat social.<\/p>\n<\/div><\/div><\/div><\/div><\/div><div class=\"w-separator size_large with_line width_default thick_1 style_solid color_border align_center\"><div class=\"w-separator-h\"><\/div><\/div><div class=\"g-cols wpb_row via_grid cols_3 laptops-cols_inherit tablets-cols_inherit mobiles-cols_1 valign_top type_default stacking_default\" style=\"--columns-gap:3rem;\"><div class=\"wpb_column vc_column_container\"><div class=\"vc_column-inner\"><div class=\"w-hwrapper valign_middle default_align_right laptops_align_right tablets_align_right mobiles_align_center\" style=\"--hwrapper-gap:1.2rem\"><div class=\"w-image align_none\"><div class=\"w-image-h\"><img decoding=\"async\" width=\"200\" height=\"110\" src=\"https:\/\/www.manubens.es\/wp-content\/uploads\/2024\/07\/logo-tencel-200x110.jpg\" class=\"attachment-us_200_200 size-us_200_200\" alt=\"\" loading=\"lazy\" srcset=\"https:\/\/www.manubens.es\/wp-content\/uploads\/2024\/07\/logo-tencel-200x110.jpg 200w, https:\/\/www.manubens.es\/wp-content\/uploads\/2024\/07\/logo-tencel-150x83.jpg 150w, https:\/\/www.manubens.es\/wp-content\/uploads\/2024\/07\/logo-tencel-115x63.jpg 115w, https:\/\/www.manubens.es\/wp-content\/uploads\/2024\/07\/logo-tencel-250x138.jpg 250w, https:\/\/www.manubens.es\/wp-content\/uploads\/2024\/07\/logo-tencel.jpg 288w\" sizes=\"auto, (max-width: 200px) 100vw, 200px\" \/><\/div><\/div><div class=\"w-image align_none\"><div class=\"w-image-h\"><img decoding=\"async\" width=\"109\" height=\"115\" src=\"https:\/\/www.manubens.es\/wp-content\/uploads\/2024\/07\/logo-fsc-109x115.jpg\" class=\"attachment-us_115_115 size-us_115_115\" alt=\"\" loading=\"lazy\" srcset=\"https:\/\/www.manubens.es\/wp-content\/uploads\/2024\/07\/logo-fsc-109x115.jpg 109w, https:\/\/www.manubens.es\/wp-content\/uploads\/2024\/07\/logo-fsc.jpg 117w\" sizes=\"auto, (max-width: 109px) 100vw, 109px\" \/><\/div><\/div><\/div><\/div><\/div><div class=\"wpb_column vc_column_container\"><div class=\"vc_column-inner\"><div class=\"wpb_text_column\"><div class=\"wpb_wrapper\"><p>Les cintes fetes amb fibra Tencel s\u00f3n respectuoses amb el medi ambient ja que per la seva producci\u00f3 es requereix menys aigua i energia comparat amb altres fibres t\u00e8xtils.<\/p>\n<\/div><\/div><\/div><\/div><div class=\"wpb_column vc_column_container\"><div class=\"vc_column-inner\"><div class=\"wpb_text_column\"><div class=\"wpb_wrapper\"><p>Aquesta fibra \u00e9s totalment <strong>biodegradable<\/strong> i \u00e9s descomposta de manera natural. A m\u00e9s, la mat\u00e8ria primera prov\u00e9 de <strong>boscos certificats pel Forest Stewardship Council (FSC)<\/strong>, que garanteix una gesti\u00f3 forestal responsable i sostenible.<\/p>\n<\/div><\/div><\/div><\/div><\/div><div class=\"w-separator size_large with_line width_default thick_1 style_solid color_border align_center\"><div class=\"w-separator-h\"><\/div><\/div><div class=\"g-cols wpb_row via_grid cols_3 laptops-cols_inherit tablets-cols_inherit mobiles-cols_1 valign_top type_default stacking_default\" style=\"--columns-gap:3rem;\"><div class=\"wpb_column vc_column_container\"><div class=\"vc_column-inner\"><div class=\"w-image us_custom_65dee96e align_right\"><div class=\"w-image-h\"><img decoding=\"async\" width=\"147\" height=\"150\" src=\"https:\/\/www.manubens.es\/wp-content\/uploads\/2024\/07\/logo-recycle-147x150.jpg\" class=\"attachment-us_150_150 size-us_150_150\" alt=\"\" loading=\"lazy\" srcset=\"https:\/\/www.manubens.es\/wp-content\/uploads\/2024\/07\/logo-recycle-147x150.jpg 147w, https:\/\/www.manubens.es\/wp-content\/uploads\/2024\/07\/logo-recycle-113x115.jpg 113w, https:\/\/www.manubens.es\/wp-content\/uploads\/2024\/07\/logo-recycle.jpg 171w\" sizes=\"auto, (max-width: 147px) 100vw, 147px\" \/><\/div><\/div><\/div><\/div><div class=\"wpb_column vc_column_container\"><div class=\"vc_column-inner\"><div class=\"wpb_text_column\"><div class=\"wpb_wrapper\"><p>Apostem fermament per l\u2019<strong>\u00fas de materials reciclats<\/strong> en la fabricaci\u00f3 de les nostres cintes teixides. Utilitzem <strong>poli\u00e8ster reciclat<\/strong> provinent de materials post-consum, com ampolles de pl\u00e0stic, contribuint aix\u00ed a <strong>la reducci\u00f3 de residus i a la conservaci\u00f3 dels recursos naturals<\/strong>.<\/p>\n<\/div><\/div><\/div><\/div><div class=\"wpb_column vc_column_container\"><div class=\"vc_column-inner\"><\/div><\/div><\/div><div class=\"w-separator size_large with_line width_default thick_1 style_solid color_border align_center\"><div class=\"w-separator-h\"><\/div><\/div><h2 class=\"w-text us_custom_eb849559\"><span class=\"w-text-h\"><span class=\"w-text-value\">Responsabilitat i seguretat<\/span><\/span><\/h2><div class=\"w-separator size_medium\"><\/div><div class=\"g-cols wpb_row via_grid cols_3 laptops-cols_inherit tablets-cols_inherit mobiles-cols_1 valign_top type_default stacking_default\" style=\"--columns-gap:3rem;\"><div class=\"wpb_column vc_column_container\"><div class=\"vc_column-inner\"><div class=\"w-image us_custom_65dee96e align_right\"><div class=\"w-image-h\"><img decoding=\"async\" width=\"114\" height=\"150\" src=\"https:\/\/www.manubens.es\/wp-content\/uploads\/2024\/07\/logo-oeko-tex-114x150.jpg\" class=\"attachment-us_150_150 size-us_150_150\" alt=\"\" loading=\"lazy\" srcset=\"https:\/\/www.manubens.es\/wp-content\/uploads\/2024\/07\/logo-oeko-tex-114x150.jpg 114w, https:\/\/www.manubens.es\/wp-content\/uploads\/2024\/07\/logo-oeko-tex-87x115.jpg 87w, https:\/\/www.manubens.es\/wp-content\/uploads\/2024\/07\/logo-oeko-tex.jpg 152w\" sizes=\"auto, (max-width: 114px) 100vw, 114px\" \/><\/div><\/div><\/div><\/div><div class=\"wpb_column vc_column_container\"><div class=\"vc_column-inner\"><div class=\"wpb_text_column\"><div class=\"wpb_wrapper\"><p>Considerem que la seguretat i la responsabilitat s\u00f3n pilars fonamentals de la nostra producci\u00f3. Per aix\u00f2, estem orgullosos de tenir la <strong>certificaci\u00f3 OEKO-TEX Classe 1<\/strong>, la qual garanteix que les nostres cintes teixides estan lliures de subst\u00e0ncies nocives i s\u00f3n segures fins i tot per als productes de nadons i nens petits.<\/p>\n<\/div><\/div><\/div><\/div><div class=\"wpb_column vc_column_container\"><div class=\"vc_column-inner\"><div class=\"wpb_text_column\"><div class=\"wpb_wrapper\"><p>Aquesta certificaci\u00f3 reflecteix el nostre comprom\u00eds amb la qualitat i la seguretat, assegurant als nostres clients que ofereixen un producte confiable i respectu\u00f3s amb la salut humana.<\/p>\n<p>A m\u00e9s a m\u00e9s, disposem tamb\u00e9 d\u2019aquesta certificaci\u00f3 per a cintes fetes amb poli\u00e8ster reciclat (100% material post-consumer provinent de botelles PET).<\/p>\n<\/div><\/div><\/div><\/div><\/div><\/div><\/div><\/div><\/div><\/section><section class=\"l-section wpb_row height_auto with_img\"><div class=\"l-section-img\" role=\"img\" aria-label=\"Imatge\" data-img-width=\"1920\" data-img-height=\"1200\" style=\"background-image: url(https:\/\/www.manubens.es\/wp-content\/uploads\/2024\/07\/fons-ametller.jpg);background-repeat: no-repeat;\"><\/div><div class=\"l-section-h i-cf\"><div class=\"g-cols vc_row via_grid cols_1 laptops-cols_inherit tablets-cols_inherit mobiles-cols_1 valign_top type_default stacking_default\"><div class=\"wpb_column vc_column_container\"><div class=\"vc_column-inner\"><div class=\"w-separator size_custom\" style=\"height:100vh\" id=\"h747\"><style>@media(max-width:600px){ #h747{height:40vh!important}}<\/style><\/div><\/div><\/div><\/div><\/div><\/section><section class=\"l-section wpb_row height_auto width_full\"><div class=\"l-section-h i-cf\"><div class=\"g-cols vc_row via_grid cols_2 laptops-cols_inherit tablets-cols_inherit mobiles-cols_1 valign_middle type_boxes reversed stacking_default\"><div class=\"wpb_column vc_column_container us_custom_604217a5 has_bg_color\"><div class=\"vc_column-inner\"><div class=\"w-separator size_custom\" style=\"height:60vh\" id=\"i166\"><style>@media(max-width:600px){ #i166{height:40vh!important}}<\/style><\/div><\/div><\/div><div class=\"wpb_column vc_column_container us_custom_50fa08c6 has_bg_color\"><div class=\"vc_column-inner\"><h3 class=\"w-text us_custom_a564e628\"><span class=\"w-text-h\"><span class=\"w-text-value\">Innovaci\u00f3 i Desenvolupament Sostenible<\/span><\/span><\/h3><div class=\"w-separator size_medium\"><\/div><div class=\"wpb_text_column\"><div class=\"wpb_wrapper\"><p>La innovaci\u00f3 \u00e9s clau per a la nostra estrat\u00e8gia de sostenibilitat. Invertim en millora de processos i maquin\u00e0ria explorant noves pr\u00e0ctiques que ens permetin fabricar cintes teixides m\u00e9s sostenibles i respectuoses amb el medi ambient.<\/p>\n<\/div><\/div><\/div><\/div><\/div><\/div><\/section><section class=\"l-section wpb_row height_auto width_full\"><div class=\"l-section-h i-cf\"><div class=\"g-cols vc_row via_grid cols_2 laptops-cols_inherit tablets-cols_inherit mobiles-cols_1 valign_middle type_boxes stacking_default\"><div class=\"wpb_column vc_column_container us_custom_50fa08c6 has_bg_color\"><div class=\"vc_column-inner\"><h2 class=\"w-text\"><span class=\"w-text-h\"><span class=\"w-text-value\">Reducci\u00f3 de la Petjada de carboni<\/span><\/span><\/h2><div class=\"w-separator size_medium\"><\/div><div class=\"wpb_text_column\"><div class=\"wpb_wrapper\"><p>Amb \u00e0nim de seguir contribuint en la conservaci\u00f3 del planeta, hem realitzat el c\u00e0lcul de <strong>la petjada de carboni<\/strong>. Aquest c\u00e0lcul quantifica les emissions de Gasos d\u2019Efecte Hivernacle (GEH) que produeixen les diferents activitats (directes i indirectes) que es duen a terme per ordre de l\u2019organitzaci\u00f3.<\/p>\n<p>L\u2019objectiu principal d\u2019aquest c\u00e0lcul \u00e9s la reducci\u00f3 sistem\u00e0tica d\u2019aquestes emissions.<\/p>\n<\/div><\/div><\/div><\/div><div class=\"wpb_column vc_column_container us_custom_6a51a857 has_bg_color\"><div class=\"vc_column-inner\"><div class=\"w-separator size_custom\" style=\"height:60vh\" id=\"ddb8\"><style>@media(max-width:600px){ #ddb8{height:40vh!important}}<\/style><\/div><\/div><\/div><\/div><\/div><\/section><section class=\"l-section wpb_row height_auto width_full\"><div class=\"l-section-h i-cf\"><div class=\"g-cols vc_row via_grid cols_2 laptops-cols_inherit tablets-cols_inherit mobiles-cols_1 valign_middle type_boxes reversed stacking_default\"><div class=\"wpb_column vc_column_container us_custom_1bac90e0 has_bg_color\"><div class=\"vc_column-inner\"><div class=\"w-separator size_custom\" style=\"height:60vh\" id=\"u743\"><style>@media(max-width:600px){ #u743{height:40vh!important}}<\/style><\/div><\/div><\/div><div class=\"wpb_column vc_column_container us_custom_50fa08c6 has_bg_color\"><div class=\"vc_column-inner\"><h2 class=\"w-text\"><span class=\"w-text-h\"><span class=\"w-text-value\">Comprom\u00eds Social, col\u00b7laboraci\u00f3 i participaci\u00f3<\/span><\/span><\/h2><div class=\"w-separator size_medium\"><\/div><div class=\"wpb_text_column\"><div class=\"wpb_wrapper\"><p>Ens comprometem amb la responsabilitat social corporativa garantint condicions de treball justes i segures per a tots els nostres empleats.<\/p>\n<p>Ens enorgulleix destacar que m\u00e9s del 50% de la nostra plantilla est\u00e0 formada per dones, reflectint el nostre comprom\u00eds amb la igualtat d\u2019oportunitats i la diversitat.<\/p>\n<p>Treballem colze a colze amb altres empreses, institucions i organitzacions no governamentals per promoure pr\u00e0ctiques sostenibles en la nostra ind\u00fastria.<\/p>\n<\/div><\/div><\/div><\/div><\/div><\/div><\/section><section class=\"l-section wpb_row height_large\"><div class=\"l-section-h i-cf\"><div class=\"g-cols vc_row via_grid cols_1 laptops-cols_inherit tablets-cols_inherit mobiles-cols_1 valign_middle type_default stacking_default\"><div class=\"wpb_column vc_column_container\"><div class=\"vc_column-inner\"><div class=\"w-actionbox us_custom_7e9b5480 has_text_color color_primary controls_bottom\"><div class=\"w-actionbox-text\"><h2 class=\"w-actionbox-title\" style=\"font-size:2.2rem\">Tens pensat algun projecte?<\/h2><div class=\"w-actionbox-description\"><p style=\"text-align: center;\">Contacta i ens posem en marxa<\/p>\n<\/div><\/div><div class=\"w-actionbox-controls\"><a class=\"w-btn us-btn-style_3\" href=\"https:\/\/www.manubens.es\/ca\/contacte\/\"><span class=\"w-btn-label\">Contactar<\/span><\/a><\/div><\/div><\/div><\/div><\/div><\/div><\/section>\n","protected":false},"excerpt":{"rendered":"Manubens contribueix a un futur m\u00e9s verd i sostenibleA Manubens creiem fermament en la import\u00e0ncia de protegir el nostre planeta per a les generacions futures. Com a fabricant de cintes teixides hem assumit el comprom\u00eds de sostenibilitat com a part integral de la nostra operativa di\u00e0ria i de la nostra estrat\u00e8gia a llarg termini. Ens...","protected":false},"author":4,"featured_media":0,"parent":0,"menu_order":0,"comment_status":"closed","ping_status":"closed","template":"","meta":{"footnotes":""},"class_list":["post-15613","page","type-page","status-publish","hentry"],"yoast_head":"<!-- This site is optimized with the Yoast SEO plugin v27.5 - https:\/\/yoast.com\/product\/yoast-seo-wordpress\/ -->\n<title>Sostenibilitat - Manubens<\/title>\n<meta name=\"robots\" content=\"index, follow, max-snippet:-1, max-image-preview:large, max-video-preview:-1\" \/>\n<link rel=\"canonical\" href=\"https:\/\/www.manubens.es\/ca\/sostenibilitat\/\" \/>\n<meta property=\"og:locale\" content=\"ca_ES\" \/>\n<meta property=\"og:type\" content=\"article\" \/>\n<meta property=\"og:title\" content=\"Sostenibilitat - Manubens\" \/>\n<meta property=\"og:url\" content=\"https:\/\/www.manubens.es\/ca\/sostenibilitat\/\" \/>\n<meta property=\"og:site_name\" content=\"Manubens\" \/>\n<meta property=\"article:modified_time\" content=\"2024-07-03T08:18:20+00:00\" \/>\n<meta name=\"twitter:card\" content=\"summary_large_image\" \/>\n<meta name=\"twitter:label1\" content=\"Temps estimat de lectura\" \/>\n\t<meta name=\"twitter:data1\" content=\"5 minuts\" \/>\n<script type=\"application\/ld+json\" class=\"yoast-schema-graph\">{\"@context\":\"https:\\\/\\\/schema.org\",\"@graph\":[{\"@type\":\"WebPage\",\"@id\":\"https:\\\/\\\/www.manubens.es\\\/ca\\\/sostenibilitat\\\/\",\"url\":\"https:\\\/\\\/www.manubens.es\\\/ca\\\/sostenibilitat\\\/\",\"name\":\"Sostenibilitat - Manubens\",\"isPartOf\":{\"@id\":\"https:\\\/\\\/www.manubens.es\\\/ca\\\/#website\"},\"datePublished\":\"2024-07-03T05:28:37+00:00\",\"dateModified\":\"2024-07-03T08:18:20+00:00\",\"breadcrumb\":{\"@id\":\"https:\\\/\\\/www.manubens.es\\\/ca\\\/sostenibilitat\\\/#breadcrumb\"},\"inLanguage\":\"ca\",\"potentialAction\":[{\"@type\":\"ReadAction\",\"target\":[\"https:\\\/\\\/www.manubens.es\\\/ca\\\/sostenibilitat\\\/\"]}]},{\"@type\":\"BreadcrumbList\",\"@id\":\"https:\\\/\\\/www.manubens.es\\\/ca\\\/sostenibilitat\\\/#breadcrumb\",\"itemListElement\":[{\"@type\":\"ListItem\",\"position\":1,\"name\":\"Portada\",\"item\":\"https:\\\/\\\/www.manubens.es\\\/ca\\\/\"},{\"@type\":\"ListItem\",\"position\":2,\"name\":\"Sostenibilitat\"}]},{\"@type\":\"WebSite\",\"@id\":\"https:\\\/\\\/www.manubens.es\\\/ca\\\/#website\",\"url\":\"https:\\\/\\\/www.manubens.es\\\/ca\\\/\",\"name\":\"Manubens\",\"description\":\"Manubens Cintas\",\"potentialAction\":[{\"@type\":\"SearchAction\",\"target\":{\"@type\":\"EntryPoint\",\"urlTemplate\":\"https:\\\/\\\/www.manubens.es\\\/ca\\\/?s={search_term_string}\"},\"query-input\":{\"@type\":\"PropertyValueSpecification\",\"valueRequired\":true,\"valueName\":\"search_term_string\"}}],\"inLanguage\":\"ca\"}]}<\/script>\n<!-- \/ Yoast SEO plugin. -->","yoast_head_json":{"title":"Sostenibilitat - Manubens","robots":{"index":"index","follow":"follow","max-snippet":"max-snippet:-1","max-image-preview":"max-image-preview:large","max-video-preview":"max-video-preview:-1"},"canonical":"https:\/\/www.manubens.es\/ca\/sostenibilitat\/","og_locale":"ca_ES","og_type":"article","og_title":"Sostenibilitat - Manubens","og_url":"https:\/\/www.manubens.es\/ca\/sostenibilitat\/","og_site_name":"Manubens","article_modified_time":"2024-07-03T08:18:20+00:00","twitter_card":"summary_large_image","twitter_misc":{"Temps estimat de lectura":"5 minuts"},"schema":{"@context":"https:\/\/schema.org","@graph":[{"@type":"WebPage","@id":"https:\/\/www.manubens.es\/ca\/sostenibilitat\/","url":"https:\/\/www.manubens.es\/ca\/sostenibilitat\/","name":"Sostenibilitat - Manubens","isPartOf":{"@id":"https:\/\/www.manubens.es\/ca\/#website"},"datePublished":"2024-07-03T05:28:37+00:00","dateModified":"2024-07-03T08:18:20+00:00","breadcrumb":{"@id":"https:\/\/www.manubens.es\/ca\/sostenibilitat\/#breadcrumb"},"inLanguage":"ca","potentialAction":[{"@type":"ReadAction","target":["https:\/\/www.manubens.es\/ca\/sostenibilitat\/"]}]},{"@type":"BreadcrumbList","@id":"https:\/\/www.manubens.es\/ca\/sostenibilitat\/#breadcrumb","itemListElement":[{"@type":"ListItem","position":1,"name":"Portada","item":"https:\/\/www.manubens.es\/ca\/"},{"@type":"ListItem","position":2,"name":"Sostenibilitat"}]},{"@type":"WebSite","@id":"https:\/\/www.manubens.es\/ca\/#website","url":"https:\/\/www.manubens.es\/ca\/","name":"Manubens","description":"Manubens Cintas","potentialAction":[{"@type":"SearchAction","target":{"@type":"EntryPoint","urlTemplate":"https:\/\/www.manubens.es\/ca\/?s={search_term_string}"},"query-input":{"@type":"PropertyValueSpecification","valueRequired":true,"valueName":"search_term_string"}}],"inLanguage":"ca"}]}},"_links":{"self":[{"href":"https:\/\/www.manubens.es\/ca\/wp-json\/wp\/v2\/pages\/15613","targetHints":{"allow":["GET"]}}],"collection":[{"href":"https:\/\/www.manubens.es\/ca\/wp-json\/wp\/v2\/pages"}],"about":[{"href":"https:\/\/www.manubens.es\/ca\/wp-json\/wp\/v2\/types\/page"}],"author":[{"embeddable":true,"href":"https:\/\/www.manubens.es\/ca\/wp-json\/wp\/v2\/users\/4"}],"replies":[{"embeddable":true,"href":"https:\/\/www.manubens.es\/ca\/wp-json\/wp\/v2\/comments?post=15613"}],"version-history":[{"count":0,"href":"https:\/\/www.manubens.es\/ca\/wp-json\/wp\/v2\/pages\/15613\/revisions"}],"wp:attachment":[{"href":"https:\/\/www.manubens.es\/ca\/wp-json\/wp\/v2\/media?parent=15613"}],"curies":[{"name":"wp","href":"https:\/\/api.w.org\/{rel}","templated":true}]}}