{"id":15598,"date":"2024-07-02T14:27:39","date_gmt":"2024-07-02T12:27:39","guid":{"rendered":"https:\/\/www.manubens.es\/durabilite\/"},"modified":"2024-07-03T10:18:20","modified_gmt":"2024-07-03T08:18:20","slug":"durabilite","status":"publish","type":"page","link":"https:\/\/www.manubens.es\/fr\/durabilite\/","title":{"rendered":"Durabilit\u00e9"},"content":{"rendered":"<section class=\"l-section wpb_row hide_on_tablets hide_on_mobiles height_large with_img\"><div class=\"l-section-img\" role=\"img\" aria-label=\"Image\" data-img-width=\"1920\" data-img-height=\"1150\" style=\"background-image: url(https:\/\/www.manubens.es\/wp-content\/uploads\/2024\/07\/slider-sostenibilitat-5.jpg);background-position: bottom center;background-repeat: no-repeat;\"><\/div><div class=\"l-section-h i-cf\"><div class=\"g-cols vc_row via_grid cols_1 laptops-cols_inherit tablets-cols_inherit mobiles-cols_1 valign_bottom type_default stacking_default\"><div class=\"wpb_column vc_column_container\"><div class=\"vc_column-inner\"><div class=\"w-separator size_custom\" style=\"height:70vh\"><\/div><div class=\"g-cols wpb_row via_grid cols_1-4-1 laptops-cols_inherit tablets-cols_inherit mobiles-cols_1 valign_top type_default stacking_default\" style=\"--columns-gap:3rem;\"><div class=\"wpb_column vc_column_container\"><div class=\"vc_column-inner\"><\/div><\/div><div class=\"wpb_column vc_column_container\"><div class=\"vc_column-inner\"><h2 class=\"w-text us_custom_eb849559\"><span class=\"w-text-h\"><span class=\"w-text-value\">Manubens contribue \u00e0 un avenir plus vert et plus durable<\/span><\/span><\/h2><div class=\"wpb_text_column\"><div class=\"wpb_wrapper\"><p>Chez Manubens, nous croyons fermement en l&rsquo;importance de prot\u00e9ger notre plan\u00e8te pour les g\u00e9n\u00e9rations futures. En tant que fabricant de rubans tiss\u00e9s, nous avons adopt\u00e9 la durabilit\u00e9 comme partie int\u00e9grante de nos op\u00e9rations quotidiennes et de notre strat\u00e9gie \u00e0 long terme.<\/p>\n<p>Nous nous effor\u00e7ons constamment de minimiser l&rsquo;impact environnemental de nos activit\u00e9s, contribuant \u00e0 un avenir plus vert et plus durable.<\/p>\n<\/div><\/div><\/div><\/div><div class=\"wpb_column vc_column_container\"><div class=\"vc_column-inner\"><\/div><\/div><\/div><\/div><\/div><\/div><\/div><\/section><section class=\"l-section wpb_row hide_on_default hide_on_laptops height_auto width_full\"><div class=\"l-section-h i-cf\"><div class=\"g-cols vc_row via_grid cols_1 laptops-cols_inherit tablets-cols_inherit mobiles-cols_1 valign_bottom type_default stacking_default\"><div class=\"wpb_column vc_column_container\"><div class=\"vc_column-inner\"><div class=\"w-separator size_custom\" style=\"height:60px\"><\/div><div class=\"w-image has_ratio align_none\"><div class=\"w-image-h\"><div style=\"padding-bottom:56.25%\"><\/div><img decoding=\"async\" width=\"1920\" height=\"1400\" src=\"https:\/\/www.manubens.es\/wp-content\/uploads\/2024\/07\/slider-sostenibilitat-3.jpg\" class=\"attachment-full size-full\" alt=\"\" loading=\"lazy\" \/><\/div><\/div><\/div><\/div><\/div><\/div><\/section><section class=\"l-section wpb_row us_custom_0d15be52 hide_on_default hide_on_laptops height_large\"><div class=\"l-section-h i-cf\"><div class=\"g-cols vc_row via_grid cols_1 laptops-cols_inherit tablets-cols_inherit mobiles-cols_1 valign_bottom type_default stacking_default\"><div class=\"wpb_column vc_column_container\"><div class=\"vc_column-inner\"><div class=\"g-cols wpb_row via_grid cols_1-4-1 laptops-cols_inherit tablets-cols_inherit mobiles-cols_1 valign_top type_default stacking_default\" style=\"--columns-gap:3rem;\"><div class=\"wpb_column vc_column_container\"><div class=\"vc_column-inner\"><\/div><\/div><div class=\"wpb_column vc_column_container\"><div class=\"vc_column-inner\"><h2 class=\"w-text us_custom_eb849559\"><span class=\"w-text-h\"><span class=\"w-text-value\">Manubens contribue \u00e0 un avenir plus vert et plus durable<\/span><\/span><\/h2><div class=\"wpb_text_column\"><div class=\"wpb_wrapper\"><p>Chez Manubens, nous croyons fermement en l&rsquo;importance de prot\u00e9ger notre plan\u00e8te pour les g\u00e9n\u00e9rations futures. En tant que fabricant de rubans tiss\u00e9s, nous avons adopt\u00e9 la durabilit\u00e9 comme partie int\u00e9grante de nos op\u00e9rations quotidiennes et de notre strat\u00e9gie \u00e0 long terme.<\/p>\n<p>Nous nous effor\u00e7ons constamment de minimiser l&rsquo;impact environnemental de nos activit\u00e9s, contribuant \u00e0 un avenir plus vert et plus durable.<\/p>\n<\/div><\/div><\/div><\/div><div class=\"wpb_column vc_column_container\"><div class=\"vc_column-inner\"><\/div><\/div><\/div><\/div><\/div><\/div><\/div><\/section><section class=\"l-section wpb_row hide_on_tablets hide_on_mobiles height_large with_img\"><div class=\"l-section-img\" role=\"img\" aria-label=\"Image\" data-img-width=\"1920\" data-img-height=\"1252\" style=\"background-image: url(https:\/\/www.manubens.es\/wp-content\/uploads\/2022\/11\/empresa_eco2.jpg);background-position: top center;background-repeat: no-repeat;\"><\/div><div class=\"l-section-h i-cf\"><div class=\"g-cols vc_row via_grid cols_1 laptops-cols_inherit tablets-cols_inherit mobiles-cols_1 valign_top type_default stacking_default\"><div class=\"wpb_column vc_column_container us_custom_df91100c\"><div class=\"vc_column-inner\"><div class=\"g-cols wpb_row via_grid cols_1-4-1 laptops-cols_inherit tablets-cols_inherit mobiles-cols_1 valign_top type_default stacking_default\" style=\"--columns-gap:3rem;\"><div class=\"wpb_column vc_column_container\"><div class=\"vc_column-inner\"><\/div><\/div><div class=\"wpb_column vc_column_container\"><div class=\"vc_column-inner\"><h2 class=\"w-text us_custom_8fac178d has_text_color\"><span class=\"w-text-h\"><span class=\"w-text-value\">Efficacit\u00e9 \u00e9nerg\u00e9tique et r\u00e9duction des d\u00e9chets<\/span><\/span><\/h2><div class=\"wpb_text_column\"><div class=\"wpb_wrapper\"><p style=\"text-align: center;\">Dans le processus de fabrication, 75% de l&rsquo;\u00e9lectricit\u00e9 provient de sources renouvelables. Nous disposons d&rsquo;une <strong>centrale photovolta\u00efque<\/strong> d&rsquo;une puissance totale de plus de 250 kWc.<\/p>\n<\/div><\/div><\/div><\/div><div class=\"wpb_column vc_column_container\"><div class=\"vc_column-inner\"><\/div><\/div><\/div><div class=\"w-separator size_custom\" style=\"height:90vh\"><\/div><\/div><\/div><\/div><\/div><\/section><section class=\"l-section wpb_row hide_on_default hide_on_laptops height_large\"><div class=\"l-section-h i-cf\"><div class=\"g-cols vc_row via_grid cols_1 laptops-cols_inherit tablets-cols_inherit mobiles-cols_1 valign_top type_default stacking_default\"><div class=\"wpb_column vc_column_container us_custom_df91100c\"><div class=\"vc_column-inner\"><div class=\"g-cols wpb_row via_grid cols_1-4-1 laptops-cols_inherit tablets-cols_inherit mobiles-cols_1 valign_top type_default stacking_default\" style=\"--columns-gap:3rem;\"><div class=\"wpb_column vc_column_container\"><div class=\"vc_column-inner\"><\/div><\/div><div class=\"wpb_column vc_column_container\"><div class=\"vc_column-inner\"><h2 class=\"w-text us_custom_eb849559\"><span class=\"w-text-h\"><span class=\"w-text-value\">Efficacit\u00e9 \u00e9nerg\u00e9tique et r\u00e9duction des d\u00e9chets<\/span><\/span><\/h2><div class=\"wpb_text_column\"><div class=\"wpb_wrapper\"><p style=\"text-align: center;\">Dans le processus de fabrication, 75% de l&rsquo;\u00e9lectricit\u00e9 provient de sources renouvelables. Nous disposons d&rsquo;une <strong>centrale photovolta\u00efque<\/strong> d&rsquo;une puissance totale de plus de 250 kWc.<\/p>\n<\/div><\/div><\/div><\/div><div class=\"wpb_column vc_column_container\"><div class=\"vc_column-inner\"><\/div><\/div><\/div><\/div><\/div><\/div><\/div><\/section><section class=\"l-section wpb_row hide_on_default hide_on_laptops height_large width_full with_img\"><div class=\"l-section-img\" role=\"img\" aria-label=\"Image\" data-img-width=\"1920\" data-img-height=\"1252\" style=\"background-image: url(https:\/\/www.manubens.es\/wp-content\/uploads\/2022\/11\/empresa_eco2.jpg);background-repeat: no-repeat;\"><\/div><div class=\"l-section-h i-cf\"><div class=\"g-cols vc_row via_grid cols_1 laptops-cols_inherit tablets-cols_inherit mobiles-cols_1 valign_top type_default stacking_default\"><div class=\"wpb_column vc_column_container\"><div class=\"vc_column-inner\"><div class=\"w-separator size_custom\" style=\"height:40vh\" id=\"o0f7\"><style><\/style><\/div><\/div><\/div><\/div><\/div><\/section><section class=\"l-section wpb_row us_custom_5808e289 height_large\"><div class=\"l-section-h i-cf\"><div class=\"g-cols vc_row via_grid cols_1 laptops-cols_inherit tablets-cols_inherit mobiles-cols_1 valign_top type_default stacking_default\"><div class=\"wpb_column vc_column_container\"><div class=\"vc_column-inner\"><h2 class=\"w-text us_custom_eb849559\"><span class=\"w-text-h\"><span class=\"w-text-value\">Nous faisons partie d&#039;une Communaut\u00e9 d&#039;\u00c9nergie Verte<\/span><\/span><\/h2><div class=\"w-separator size_medium\"><\/div><div class=\"g-cols wpb_row via_grid cols_3 laptops-cols_inherit tablets-cols_inherit mobiles-cols_1 valign_top type_default stacking_default\" style=\"--columns-gap:3rem;\"><div class=\"wpb_column vc_column_container\"><div class=\"vc_column-inner\"><div class=\"w-image us_custom_65dee96e align_none\"><div class=\"w-image-h\"><img decoding=\"async\" width=\"288\" height=\"75\" src=\"https:\/\/www.manubens.es\/wp-content\/uploads\/2024\/07\/logo-manresa-ilumina.png\" class=\"attachment-full size-full\" alt=\"\" loading=\"lazy\" srcset=\"https:\/\/www.manubens.es\/wp-content\/uploads\/2024\/07\/logo-manresa-ilumina.png 288w, https:\/\/www.manubens.es\/wp-content\/uploads\/2024\/07\/logo-manresa-ilumina-150x39.png 150w, https:\/\/www.manubens.es\/wp-content\/uploads\/2024\/07\/logo-manresa-ilumina-200x52.png 200w, https:\/\/www.manubens.es\/wp-content\/uploads\/2024\/07\/logo-manresa-ilumina-115x30.png 115w, https:\/\/www.manubens.es\/wp-content\/uploads\/2024\/07\/logo-manresa-ilumina-250x65.png 250w\" sizes=\"auto, (max-width: 288px) 100vw, 288px\" \/><\/div><\/div><\/div><\/div><div class=\"wpb_column vc_column_container\"><div class=\"vc_column-inner\"><div class=\"wpb_text_column\"><div class=\"wpb_wrapper\"><p>Nous sommes membres et partenaires fondateurs de la Communaut\u00e9 \u00c9nerg\u00e9tique d&rsquo;Entreprise Manresa Il\u00b7lumina, une coop\u00e9rative pionni\u00e8re en Espagne pour g\u00e9n\u00e9rer et partager de l&rsquo;\u00e9nergie verte.<\/p>\n<\/div><\/div><\/div><\/div><div class=\"wpb_column vc_column_container\"><div class=\"vc_column-inner\"><div class=\"wpb_text_column\"><div class=\"wpb_wrapper\"><p>La Communaut\u00e9 travaille \u00e9galement sur d&rsquo;autres services tels que la mobilit\u00e9 durable, la mobilit\u00e9 partag\u00e9e, l&rsquo;\u00e9nergie \u00e9olienne ou le r\u00e9seau de chauffage \u00e0 biomasse.<\/p>\n<\/div><\/div><\/div><\/div><\/div><\/div><\/div><\/div><\/div><\/section><section class=\"l-section wpb_row height_auto width_full\"><div class=\"l-section-h i-cf\"><div class=\"g-cols vc_row via_grid cols_3 laptops-cols_inherit tablets-cols_inherit mobiles-cols_1 valign_middle type_boxes stacking_default\"><div class=\"wpb_column vc_column_container us_custom_a9b333ec has_bg_color\"><div class=\"vc_column-inner\"><h2 class=\"w-text\"><span class=\"w-text-h\"><span class=\"w-text-value\">Nous utilisons l&#039;eau de mani\u00e8re responsable<\/span><\/span><\/h2><div class=\"w-separator size_medium\"><\/div><div class=\"wpb_text_column\"><div class=\"wpb_wrapper\"><p>Outre l\u2019\u00e9nergie, l\u2019eau joue \u00e9galement un r\u00f4le important dans notre processus de fabrication.<\/p>\n<p>C&rsquo;est pour cette raison que nous disposons d&rsquo;une station d&rsquo;\u00e9puration o\u00f9 nous traitons, une fois le processus de teinture termin\u00e9, toute l&rsquo;eau que nous utilisons. Nous parvenons ainsi \u00e0 restituer plus de 80 % de l\u2019eau au r\u00e9seau, minimisant ainsi l\u2019impact sur l\u2019environnement.<\/p>\n<\/div><\/div><\/div><\/div><div class=\"wpb_column vc_column_container us_custom_b4cabce1 has_bg_color\"><div class=\"vc_column-inner\"><div class=\"w-separator size_custom\" style=\"height:60vh\"><\/div><\/div><\/div><div class=\"wpb_column vc_column_container us_custom_2d618290 has_bg_color\"><div class=\"vc_column-inner\"><div class=\"w-separator size_custom\" style=\"height:60vh\"><\/div><\/div><\/div><\/div><\/div><\/section><section class=\"l-section wpb_row us_custom_3570bfe8 height_large\"><div class=\"l-section-h i-cf\"><div class=\"g-cols vc_row via_grid cols_1 laptops-cols_inherit tablets-cols_inherit mobiles-cols_1 valign_top type_default stacking_default\"><div class=\"wpb_column vc_column_container\"><div class=\"vc_column-inner\"><div class=\"g-cols wpb_row via_grid cols_1-2-1 laptops-cols_inherit tablets-cols_inherit mobiles-cols_1 valign_top type_default stacking_default\" style=\"--columns-gap:3rem;\"><div class=\"wpb_column vc_column_container\"><div class=\"vc_column-inner\"><\/div><\/div><div class=\"wpb_column vc_column_container\"><div class=\"vc_column-inner\"><h2 class=\"w-text us_custom_eb849559\"><span class=\"w-text-h\"><span class=\"w-text-value\">Nous prenons de nombreuses actions pour r\u00e9duire les d\u00e9chets<\/span><\/span><\/h2><div class=\"w-separator size_medium\"><\/div><div class=\"wpb_text_column\"><div class=\"wpb_wrapper\"><p>Diverses actions de l&rsquo;entreprise visent \u00e0 r\u00e9duire les d\u00e9chets :<\/p>\n<ul>\n<li>Suivi continu des <strong>indicateurs environnementaux<\/strong>.<\/li>\n<li>Contr\u00f4le rigoureux des stocks pour <strong>\u00e9viter le gaspillage<\/strong> de produits.<\/li>\n<li>Participation au projet de symbiose industrielle sur l&rsquo;<strong>\u00e9conomie circulaire<\/strong>.<\/li>\n<li><strong>Dons<\/strong> \u00e0 des tiers de produits non commercialisables.<\/li>\n<\/ul>\n<\/div><\/div><\/div><\/div><div class=\"wpb_column vc_column_container\"><div class=\"vc_column-inner\"><\/div><\/div><\/div><\/div><\/div><\/div><\/div><\/section><section class=\"l-section wpb_row height_large\"><div class=\"l-section-h i-cf\"><div class=\"g-cols vc_row via_grid cols_1 laptops-cols_inherit tablets-cols_inherit mobiles-cols_1 valign_top type_default stacking_default\"><div class=\"wpb_column vc_column_container\"><div class=\"vc_column-inner\"><h2 class=\"w-text us_custom_eb849559\"><span class=\"w-text-h\"><span class=\"w-text-value\">Mat\u00e9riaux \u00e9cologiques et recycl\u00e9s<\/span><\/span><\/h2><div class=\"w-separator size_medium\"><\/div><div class=\"g-cols wpb_row via_grid cols_3 laptops-cols_inherit tablets-cols_inherit mobiles-cols_1 valign_top type_default stacking_default\" style=\"--columns-gap:3rem;\"><div class=\"wpb_column vc_column_container\"><div class=\"vc_column-inner\"><div class=\"w-image us_custom_65dee96e align_right\"><div class=\"w-image-h\"><img decoding=\"async\" width=\"200\" height=\"95\" src=\"https:\/\/www.manubens.es\/wp-content\/uploads\/2024\/07\/logo-better-cotton-200x95.jpg\" class=\"attachment-us_200_200 size-us_200_200\" alt=\"\" loading=\"lazy\" srcset=\"https:\/\/www.manubens.es\/wp-content\/uploads\/2024\/07\/logo-better-cotton-200x95.jpg 200w, https:\/\/www.manubens.es\/wp-content\/uploads\/2024\/07\/logo-better-cotton-150x71.jpg 150w, https:\/\/www.manubens.es\/wp-content\/uploads\/2024\/07\/logo-better-cotton-115x55.jpg 115w, https:\/\/www.manubens.es\/wp-content\/uploads\/2024\/07\/logo-better-cotton-250x119.jpg 250w, https:\/\/www.manubens.es\/wp-content\/uploads\/2024\/07\/logo-better-cotton.jpg 280w\" sizes=\"auto, (max-width: 200px) 100vw, 200px\" \/><\/div><\/div><\/div><\/div><div class=\"wpb_column vc_column_container\"><div class=\"vc_column-inner\"><div class=\"wpb_text_column\"><div class=\"wpb_wrapper\"><p>La durabilit\u00e9 est une priorit\u00e9 fondamentale, c&rsquo;est pourquoi nous sommes fiers d&rsquo;avoir la certification <strong>BCI (Better Cotton Initiative)<\/strong> pour nos rubans en coton.<br \/>\nCette certification garantit que le coton utilis\u00e9 dans nos produits est cultiv\u00e9 selon des pratiques agricoles durables, qui r\u00e9duisent l&rsquo;utilisation d&rsquo;eau et de produits chimiques, tout en promouvant des conditions de travail \u00e9quitables pour les agriculteurs.<\/p>\n<\/div><\/div><\/div><\/div><div class=\"wpb_column vc_column_container\"><div class=\"vc_column-inner\"><div class=\"wpb_text_column\"><div class=\"wpb_wrapper\"><p>La BCI refl\u00e8te notre engagement en faveur de la pr\u00e9servation de l&rsquo;environnement et du soutien aux communaut\u00e9s agricoles, offrant \u00e0 nos clients une garantie de durabilit\u00e9 et de responsabilit\u00e9 sociale.<\/p>\n<\/div><\/div><\/div><\/div><\/div><div class=\"w-separator size_large with_line width_default thick_1 style_solid color_border align_center\"><div class=\"w-separator-h\"><\/div><\/div><div class=\"g-cols wpb_row via_grid cols_3 laptops-cols_inherit tablets-cols_inherit mobiles-cols_1 valign_top type_default stacking_default\" style=\"--columns-gap:3rem;\"><div class=\"wpb_column vc_column_container\"><div class=\"vc_column-inner\"><div class=\"w-hwrapper valign_middle default_align_right laptops_align_right tablets_align_right mobiles_align_center\" style=\"--hwrapper-gap:1.2rem\"><div class=\"w-image align_none\"><div class=\"w-image-h\"><img decoding=\"async\" width=\"200\" height=\"110\" src=\"https:\/\/www.manubens.es\/wp-content\/uploads\/2024\/07\/logo-tencel-200x110.jpg\" class=\"attachment-us_200_200 size-us_200_200\" alt=\"\" loading=\"lazy\" srcset=\"https:\/\/www.manubens.es\/wp-content\/uploads\/2024\/07\/logo-tencel-200x110.jpg 200w, https:\/\/www.manubens.es\/wp-content\/uploads\/2024\/07\/logo-tencel-150x83.jpg 150w, https:\/\/www.manubens.es\/wp-content\/uploads\/2024\/07\/logo-tencel-115x63.jpg 115w, https:\/\/www.manubens.es\/wp-content\/uploads\/2024\/07\/logo-tencel-250x138.jpg 250w, https:\/\/www.manubens.es\/wp-content\/uploads\/2024\/07\/logo-tencel.jpg 288w\" sizes=\"auto, (max-width: 200px) 100vw, 200px\" \/><\/div><\/div><div class=\"w-image align_none\"><div class=\"w-image-h\"><img decoding=\"async\" width=\"109\" height=\"115\" src=\"https:\/\/www.manubens.es\/wp-content\/uploads\/2024\/07\/logo-fsc-109x115.jpg\" class=\"attachment-us_115_115 size-us_115_115\" alt=\"\" loading=\"lazy\" srcset=\"https:\/\/www.manubens.es\/wp-content\/uploads\/2024\/07\/logo-fsc-109x115.jpg 109w, https:\/\/www.manubens.es\/wp-content\/uploads\/2024\/07\/logo-fsc.jpg 117w\" sizes=\"auto, (max-width: 109px) 100vw, 109px\" \/><\/div><\/div><\/div><\/div><\/div><div class=\"wpb_column vc_column_container\"><div class=\"vc_column-inner\"><div class=\"wpb_text_column\"><div class=\"wpb_wrapper\"><p>Les rubans fabriqu\u00e9s avec <strong>cette fibre<\/strong> sont respectueux de l&rsquo;environnement car leur production n\u00e9cessite moins d&rsquo;eau et d&rsquo;\u00e9nergie par rapport \u00e0 d&rsquo;autres fibres textiles.<\/p>\n<\/div><\/div><\/div><\/div><div class=\"wpb_column vc_column_container\"><div class=\"vc_column-inner\"><div class=\"wpb_text_column\"><div class=\"wpb_wrapper\"><p>Cette fibre est enti\u00e8rement <strong>biod\u00e9gradable<\/strong> et se d\u00e9compose naturellement. De plus, la mati\u00e8re premi\u00e8re provient de <strong>for\u00eats certifi\u00e9es par le Forest Stewardship Council (FSC)<\/strong>, qui garantit une gestion foresti\u00e8re responsable et durable.<\/p>\n<\/div><\/div><\/div><\/div><\/div><div class=\"w-separator size_large with_line width_default thick_1 style_solid color_border align_center\"><div class=\"w-separator-h\"><\/div><\/div><div class=\"g-cols wpb_row via_grid cols_3 laptops-cols_inherit tablets-cols_inherit mobiles-cols_1 valign_top type_default stacking_default\" style=\"--columns-gap:3rem;\"><div class=\"wpb_column vc_column_container\"><div class=\"vc_column-inner\"><div class=\"w-image us_custom_65dee96e align_right\"><div class=\"w-image-h\"><img decoding=\"async\" width=\"147\" height=\"150\" src=\"https:\/\/www.manubens.es\/wp-content\/uploads\/2024\/07\/logo-recycle-147x150.jpg\" class=\"attachment-us_150_150 size-us_150_150\" alt=\"\" loading=\"lazy\" srcset=\"https:\/\/www.manubens.es\/wp-content\/uploads\/2024\/07\/logo-recycle-147x150.jpg 147w, https:\/\/www.manubens.es\/wp-content\/uploads\/2024\/07\/logo-recycle-113x115.jpg 113w, https:\/\/www.manubens.es\/wp-content\/uploads\/2024\/07\/logo-recycle.jpg 171w\" sizes=\"auto, (max-width: 147px) 100vw, 147px\" \/><\/div><\/div><\/div><\/div><div class=\"wpb_column vc_column_container\"><div class=\"vc_column-inner\"><div class=\"wpb_text_column\"><div class=\"wpb_wrapper\"><p>Nous nous engageons fermement \u00e0 <strong>utiliser des mat\u00e9riaux recycl\u00e9s<\/strong> dans la fabrication de nos rubans tiss\u00e9s. Nous utilisons du <strong>polyester recycl\u00e9<\/strong> provenant de mat\u00e9riaux post-consommation, tels que des bouteilles en plastique, contribuant ainsi \u00e0 <strong>la r\u00e9duction des d\u00e9chets et \u00e0 la conservation des ressources naturelles<\/strong>.<\/p>\n<\/div><\/div><\/div><\/div><div class=\"wpb_column vc_column_container\"><div class=\"vc_column-inner\"><\/div><\/div><\/div><div class=\"w-separator size_large with_line width_default thick_1 style_solid color_border align_center\"><div class=\"w-separator-h\"><\/div><\/div><h2 class=\"w-text us_custom_eb849559\"><span class=\"w-text-h\"><span class=\"w-text-value\">Responsabilit\u00e9 et s\u00e9curit\u00e9<\/span><\/span><\/h2><div class=\"w-separator size_medium\"><\/div><div class=\"g-cols wpb_row via_grid cols_3 laptops-cols_inherit tablets-cols_inherit mobiles-cols_1 valign_top type_default stacking_default\" style=\"--columns-gap:3rem;\"><div class=\"wpb_column vc_column_container\"><div class=\"vc_column-inner\"><div class=\"w-image us_custom_65dee96e align_right\"><div class=\"w-image-h\"><img decoding=\"async\" width=\"114\" height=\"150\" src=\"https:\/\/www.manubens.es\/wp-content\/uploads\/2024\/07\/logo-oeko-tex-114x150.jpg\" class=\"attachment-us_150_150 size-us_150_150\" alt=\"\" loading=\"lazy\" srcset=\"https:\/\/www.manubens.es\/wp-content\/uploads\/2024\/07\/logo-oeko-tex-114x150.jpg 114w, https:\/\/www.manubens.es\/wp-content\/uploads\/2024\/07\/logo-oeko-tex-87x115.jpg 87w, https:\/\/www.manubens.es\/wp-content\/uploads\/2024\/07\/logo-oeko-tex.jpg 152w\" sizes=\"auto, (max-width: 114px) 100vw, 114px\" \/><\/div><\/div><\/div><\/div><div class=\"wpb_column vc_column_container\"><div class=\"vc_column-inner\"><div class=\"wpb_text_column\"><div class=\"wpb_wrapper\"><p>Nous consid\u00e9rons que la s\u00e9curit\u00e9 et la responsabilit\u00e9 sont des piliers fondamentaux de notre production. C&rsquo;est pourquoi nous sommes fiers de disposer de la <strong>certification OEKO-TEX Classe 1<\/strong>, qui garantit que nos rubans tiss\u00e9s sont exempts de substances nocives et sont s\u00fbrs m\u00eame pour les produits destin\u00e9s aux b\u00e9b\u00e9s et aux jeunes enfants.<\/p>\n<\/div><\/div><\/div><\/div><div class=\"wpb_column vc_column_container\"><div class=\"vc_column-inner\"><div class=\"wpb_text_column\"><div class=\"wpb_wrapper\"><p>Cette certification refl\u00e8te notre engagement envers la qualit\u00e9 et la s\u00e9curit\u00e9, assurant \u00e0 nos clients d\u2019offrir un produit fiable et respectueux de la sant\u00e9 humaine.<\/p>\n<p>De plus, nous disposons \u00e9galement de cette certification pour des rubans fabriqu\u00e9s avec du polyester recycl\u00e9 (100% mati\u00e8re post-consommation provenant de bouteilles en PET).<\/p>\n<\/div><\/div><\/div><\/div><\/div><\/div><\/div><\/div><\/div><\/section><section class=\"l-section wpb_row height_auto with_img\"><div class=\"l-section-img\" role=\"img\" aria-label=\"Image\" data-img-width=\"1920\" data-img-height=\"1200\" style=\"background-image: url(https:\/\/www.manubens.es\/wp-content\/uploads\/2024\/07\/fons-ametller.jpg);background-repeat: no-repeat;\"><\/div><div class=\"l-section-h i-cf\"><div class=\"g-cols vc_row via_grid cols_1 laptops-cols_inherit tablets-cols_inherit mobiles-cols_1 valign_top type_default stacking_default\"><div class=\"wpb_column vc_column_container\"><div class=\"vc_column-inner\"><div class=\"w-separator size_custom\" style=\"height:100vh\" id=\"t082\"><style>@media(max-width:600px){ #t082{height:40vh!important}}<\/style><\/div><\/div><\/div><\/div><\/div><\/section><section class=\"l-section wpb_row height_auto width_full\"><div class=\"l-section-h i-cf\"><div class=\"g-cols vc_row via_grid cols_2 laptops-cols_inherit tablets-cols_inherit mobiles-cols_1 valign_middle type_boxes reversed stacking_default\"><div class=\"wpb_column vc_column_container us_custom_604217a5 has_bg_color\"><div class=\"vc_column-inner\"><div class=\"w-separator size_custom\" style=\"height:60vh\" id=\"q9b8\"><style>@media(max-width:600px){ #q9b8{height:40vh!important}}<\/style><\/div><\/div><\/div><div class=\"wpb_column vc_column_container us_custom_50fa08c6 has_bg_color\"><div class=\"vc_column-inner\"><h3 class=\"w-text us_custom_a564e628\"><span class=\"w-text-h\"><span class=\"w-text-value\">Innovation et D\u00e9veloppement Durable<\/span><\/span><\/h3><div class=\"w-separator size_medium\"><\/div><div class=\"wpb_text_column\"><div class=\"wpb_wrapper\"><p>L&rsquo;innovation est la cl\u00e9 de notre strat\u00e9gie de durabilit\u00e9. Nous investissons dans l&rsquo;am\u00e9lioration des processus et des machines, en explorant de nouvelles pratiques qui nous permettent de fabriquer des rubans tiss\u00e9s plus durables et respectueux de l&rsquo;environnement.<\/p>\n<\/div><\/div><\/div><\/div><\/div><\/div><\/section><section class=\"l-section wpb_row height_auto width_full\"><div class=\"l-section-h i-cf\"><div class=\"g-cols vc_row via_grid cols_2 laptops-cols_inherit tablets-cols_inherit mobiles-cols_1 valign_middle type_boxes stacking_default\"><div class=\"wpb_column vc_column_container us_custom_50fa08c6 has_bg_color\"><div class=\"vc_column-inner\"><h2 class=\"w-text\"><span class=\"w-text-h\"><span class=\"w-text-value\">R\u00e9duction de l&#039;Empreinte carbone<\/span><\/span><\/h2><div class=\"w-separator size_medium\"><\/div><div class=\"wpb_text_column\"><div class=\"wpb_wrapper\"><p>Afin de continuer \u00e0 contribuer \u00e0 la conservation de la plan\u00e8te, nous avons r\u00e9alis\u00e9 le calcul de <strong>l&#8217;empreinte carbone<\/strong>. Ce calcul quantifie les \u00e9missions de gaz \u00e0 effet de serre (GES) produites par les diff\u00e9rentes activit\u00e9s (directes et indirectes) men\u00e9es par l&rsquo;entreprise.<\/p>\n<p>L&rsquo;objectif principal de ce calcul est la r\u00e9duction syst\u00e9matique de ces \u00e9missions.<\/p>\n<\/div><\/div><\/div><\/div><div class=\"wpb_column vc_column_container us_custom_6a51a857 has_bg_color\"><div class=\"vc_column-inner\"><div class=\"w-separator size_custom\" style=\"height:60vh\" id=\"a115\"><style>@media(max-width:600px){ #a115{height:40vh!important}}<\/style><\/div><\/div><\/div><\/div><\/div><\/section><section class=\"l-section wpb_row height_auto width_full\"><div class=\"l-section-h i-cf\"><div class=\"g-cols vc_row via_grid cols_2 laptops-cols_inherit tablets-cols_inherit mobiles-cols_1 valign_middle type_boxes reversed stacking_default\"><div class=\"wpb_column vc_column_container us_custom_1bac90e0 has_bg_color\"><div class=\"vc_column-inner\"><div class=\"w-separator size_custom\" style=\"height:60vh\" id=\"a9f1\"><style>@media(max-width:600px){ #a9f1{height:40vh!important}}<\/style><\/div><\/div><\/div><div class=\"wpb_column vc_column_container us_custom_50fa08c6 has_bg_color\"><div class=\"vc_column-inner\"><h2 class=\"w-text\"><span class=\"w-text-h\"><span class=\"w-text-value\">Engagement Social, Collaboration et Participation<\/span><\/span><\/h2><div class=\"w-separator size_medium\"><\/div><div class=\"wpb_text_column\"><div class=\"wpb_wrapper\"><p>Nous nous engageons en faveur de la responsabilit\u00e9 sociale des entreprises en garantissant des conditions de travail \u00e9quitables et s\u00fbres pour tous nos employ\u00e9s.<\/p>\n<p>Nous sommes fiers de souligner que plus de 50% de notre personnel est compos\u00e9 de femmes, refl\u00e9tant notre engagement envers l&rsquo;\u00e9galit\u00e9 des chances et la diversit\u00e9.<\/p>\n<p>Nous collaborons avec d&rsquo;autres entreprises, institutions et organisations non gouvernementales pour promouvoir des pratiques durables dans notre industrie.<\/p>\n<\/div><\/div><\/div><\/div><\/div><\/div><\/section><section class=\"l-section wpb_row height_large\"><div class=\"l-section-h i-cf\"><div class=\"g-cols vc_row via_grid cols_1 laptops-cols_inherit tablets-cols_inherit mobiles-cols_1 valign_middle type_default stacking_default\"><div class=\"wpb_column vc_column_container\"><div class=\"vc_column-inner\"><div class=\"w-actionbox us_custom_7e9b5480 has_text_color color_primary controls_bottom\"><div class=\"w-actionbox-text\"><h2 class=\"w-actionbox-title\" style=\"font-size:2.2rem\">Avez-vous un projet de pr\u00e9vu ?<\/h2><div class=\"w-actionbox-description\"><p style=\"text-align: center;\">Contactez-nous et nous commencerons<\/p>\n<\/div><\/div><div class=\"w-actionbox-controls\"><a class=\"w-btn us-btn-style_3\" href=\"https:\/\/www.manubens.es\/fr\/contact\/\"><span class=\"w-btn-label\">Contacter<\/span><\/a><\/div><\/div><\/div><\/div><\/div><\/div><\/section>\n","protected":false},"excerpt":{"rendered":"Manubens contribue \u00e0 un avenir plus vert et plus durableChez Manubens, nous croyons fermement en l&rsquo;importance de prot\u00e9ger notre plan\u00e8te pour les g\u00e9n\u00e9rations futures. En tant que fabricant de rubans tiss\u00e9s, nous avons adopt\u00e9 la durabilit\u00e9 comme partie int\u00e9grante de nos op\u00e9rations quotidiennes et de notre strat\u00e9gie \u00e0 long terme. Nous nous effor\u00e7ons constamment de...","protected":false},"author":4,"featured_media":0,"parent":0,"menu_order":0,"comment_status":"closed","ping_status":"closed","template":"","meta":{"footnotes":""},"class_list":["post-15598","page","type-page","status-publish","hentry"],"yoast_head":"<!-- This site is optimized with the Yoast SEO plugin v27.5 - https:\/\/yoast.com\/product\/yoast-seo-wordpress\/ -->\n<title>Durabilit\u00e9 - Manubens<\/title>\n<meta name=\"robots\" content=\"index, follow, max-snippet:-1, max-image-preview:large, max-video-preview:-1\" \/>\n<link rel=\"canonical\" href=\"https:\/\/www.manubens.es\/fr\/durabilite\/\" \/>\n<meta property=\"og:locale\" content=\"fr_FR\" \/>\n<meta property=\"og:type\" content=\"article\" \/>\n<meta property=\"og:title\" content=\"Durabilit\u00e9 - Manubens\" \/>\n<meta property=\"og:url\" content=\"https:\/\/www.manubens.es\/fr\/durabilite\/\" \/>\n<meta property=\"og:site_name\" content=\"Manubens\" \/>\n<meta property=\"article:modified_time\" content=\"2024-07-03T08:18:20+00:00\" \/>\n<meta name=\"twitter:card\" content=\"summary_large_image\" \/>\n<meta name=\"twitter:label1\" content=\"Dur\u00e9e de lecture estim\u00e9e\" \/>\n\t<meta name=\"twitter:data1\" content=\"13 minutes\" \/>\n<script type=\"application\/ld+json\" class=\"yoast-schema-graph\">{\"@context\":\"https:\\\/\\\/schema.org\",\"@graph\":[{\"@type\":\"WebPage\",\"@id\":\"https:\\\/\\\/www.manubens.es\\\/fr\\\/durabilite\\\/\",\"url\":\"https:\\\/\\\/www.manubens.es\\\/fr\\\/durabilite\\\/\",\"name\":\"Durabilit\u00e9 - Manubens\",\"isPartOf\":{\"@id\":\"https:\\\/\\\/www.manubens.es\\\/fr\\\/#website\"},\"datePublished\":\"2024-07-02T12:27:39+00:00\",\"dateModified\":\"2024-07-03T08:18:20+00:00\",\"breadcrumb\":{\"@id\":\"https:\\\/\\\/www.manubens.es\\\/fr\\\/durabilite\\\/#breadcrumb\"},\"inLanguage\":\"fr-FR\",\"potentialAction\":[{\"@type\":\"ReadAction\",\"target\":[\"https:\\\/\\\/www.manubens.es\\\/fr\\\/durabilite\\\/\"]}]},{\"@type\":\"BreadcrumbList\",\"@id\":\"https:\\\/\\\/www.manubens.es\\\/fr\\\/durabilite\\\/#breadcrumb\",\"itemListElement\":[{\"@type\":\"ListItem\",\"position\":1,\"name\":\"Portada\",\"item\":\"https:\\\/\\\/www.manubens.es\\\/fr\\\/\"},{\"@type\":\"ListItem\",\"position\":2,\"name\":\"Durabilit\u00e9\"}]},{\"@type\":\"WebSite\",\"@id\":\"https:\\\/\\\/www.manubens.es\\\/fr\\\/#website\",\"url\":\"https:\\\/\\\/www.manubens.es\\\/fr\\\/\",\"name\":\"Manubens\",\"description\":\"Manubens Cintas\",\"potentialAction\":[{\"@type\":\"SearchAction\",\"target\":{\"@type\":\"EntryPoint\",\"urlTemplate\":\"https:\\\/\\\/www.manubens.es\\\/fr\\\/?s={search_term_string}\"},\"query-input\":{\"@type\":\"PropertyValueSpecification\",\"valueRequired\":true,\"valueName\":\"search_term_string\"}}],\"inLanguage\":\"fr-FR\"}]}<\/script>\n<!-- \/ Yoast SEO plugin. -->","yoast_head_json":{"title":"Durabilit\u00e9 - Manubens","robots":{"index":"index","follow":"follow","max-snippet":"max-snippet:-1","max-image-preview":"max-image-preview:large","max-video-preview":"max-video-preview:-1"},"canonical":"https:\/\/www.manubens.es\/fr\/durabilite\/","og_locale":"fr_FR","og_type":"article","og_title":"Durabilit\u00e9 - Manubens","og_url":"https:\/\/www.manubens.es\/fr\/durabilite\/","og_site_name":"Manubens","article_modified_time":"2024-07-03T08:18:20+00:00","twitter_card":"summary_large_image","twitter_misc":{"Dur\u00e9e de lecture estim\u00e9e":"13 minutes"},"schema":{"@context":"https:\/\/schema.org","@graph":[{"@type":"WebPage","@id":"https:\/\/www.manubens.es\/fr\/durabilite\/","url":"https:\/\/www.manubens.es\/fr\/durabilite\/","name":"Durabilit\u00e9 - Manubens","isPartOf":{"@id":"https:\/\/www.manubens.es\/fr\/#website"},"datePublished":"2024-07-02T12:27:39+00:00","dateModified":"2024-07-03T08:18:20+00:00","breadcrumb":{"@id":"https:\/\/www.manubens.es\/fr\/durabilite\/#breadcrumb"},"inLanguage":"fr-FR","potentialAction":[{"@type":"ReadAction","target":["https:\/\/www.manubens.es\/fr\/durabilite\/"]}]},{"@type":"BreadcrumbList","@id":"https:\/\/www.manubens.es\/fr\/durabilite\/#breadcrumb","itemListElement":[{"@type":"ListItem","position":1,"name":"Portada","item":"https:\/\/www.manubens.es\/fr\/"},{"@type":"ListItem","position":2,"name":"Durabilit\u00e9"}]},{"@type":"WebSite","@id":"https:\/\/www.manubens.es\/fr\/#website","url":"https:\/\/www.manubens.es\/fr\/","name":"Manubens","description":"Manubens Cintas","potentialAction":[{"@type":"SearchAction","target":{"@type":"EntryPoint","urlTemplate":"https:\/\/www.manubens.es\/fr\/?s={search_term_string}"},"query-input":{"@type":"PropertyValueSpecification","valueRequired":true,"valueName":"search_term_string"}}],"inLanguage":"fr-FR"}]}},"_links":{"self":[{"href":"https:\/\/www.manubens.es\/fr\/wp-json\/wp\/v2\/pages\/15598","targetHints":{"allow":["GET"]}}],"collection":[{"href":"https:\/\/www.manubens.es\/fr\/wp-json\/wp\/v2\/pages"}],"about":[{"href":"https:\/\/www.manubens.es\/fr\/wp-json\/wp\/v2\/types\/page"}],"author":[{"embeddable":true,"href":"https:\/\/www.manubens.es\/fr\/wp-json\/wp\/v2\/users\/4"}],"replies":[{"embeddable":true,"href":"https:\/\/www.manubens.es\/fr\/wp-json\/wp\/v2\/comments?post=15598"}],"version-history":[{"count":0,"href":"https:\/\/www.manubens.es\/fr\/wp-json\/wp\/v2\/pages\/15598\/revisions"}],"wp:attachment":[{"href":"https:\/\/www.manubens.es\/fr\/wp-json\/wp\/v2\/media?parent=15598"}],"curies":[{"name":"wp","href":"https:\/\/api.w.org\/{rel}","templated":true}]}}